{"id":652,"date":"2025-04-02T10:51:24","date_gmt":"2025-04-02T08:51:24","guid":{"rendered":"https:\/\/emerix.es\/?page_id=652"},"modified":"2025-04-02T10:52:18","modified_gmt":"2025-04-02T08:52:18","slug":"politica-de-privacidad","status":"publish","type":"page","link":"https:\/\/emerix.es\/?page_id=652","title":{"rendered":"POL\u00cdTICA DE PRIVACIDAD"},"content":{"rendered":"\n<p><\/p>\n\n\n\n<p><\/p>\n\n\n\n<p>Esta Pol\u00edtica de Privacidad regula el tratamiento de los datos recabados por&nbsp;<strong>Emerix Systems S.L.<\/strong>&nbsp;a trav\u00e9s de la Plataforma Web. Forma parte de las Condiciones Generales de Uso y Contrataci\u00f3n.<\/p>\n\n\n\n<p>El Usuario garantiza que los datos aportados son verdaderos, exactos, completos y actualizados, siendo responsable de cualquier da\u00f1o o perjuicio que pudiera ocasionarse como consecuencia del incumplimiento de tal obligaci\u00f3n.<\/p>\n\n\n\n<p><strong>Responsable del tratamiento de los datos personales del Usuario<\/strong><\/p>\n\n\n\n<ol class=\"wp-block-list\">\n<li>\n<ol class=\"wp-block-list\">\n<li><strong>Identidad<\/strong>: Emerix Systems S.L.<\/li>\n\n\n\n<li><strong>CIF<\/strong>: ES-B47739768<\/li>\n\n\n\n<li><strong>Direcci\u00f3n postal<\/strong>: San Lorenzo 2, 1-B, 47001 Valladolid, Espa\u00f1a<\/li>\n\n\n\n<li><strong>Correo electr\u00f3nico<\/strong>: contact@emerix.es<\/li>\n<\/ol>\n<\/li>\n<\/ol>\n\n\n\n<p><strong>Datos recogidos del Usuario para su tratamiento<\/strong><\/p>\n\n\n\n<p>El Usuario deber\u00e1 aportar los siguientes datos personales:<\/p>\n\n\n\n<ul class=\"wp-block-list\">\n<li>\n<ul class=\"wp-block-list\">\n<li>Nombre y apellidos<\/li>\n\n\n\n<li>Tel\u00e9fono<\/li>\n\n\n\n<li>Domicilio<\/li>\n\n\n\n<li>Direcci\u00f3n de correo electr\u00f3nico<\/li>\n<\/ul>\n<\/li>\n<\/ul>\n\n\n\n<p><strong>Finalidad del tratamiento de los datos personales del Usuario<\/strong><\/p>\n\n\n\n<p>Los datos personales se incorporar\u00e1n a ficheros titularidad de&nbsp;<strong>Emerix Systems S.L.<\/strong>&nbsp;con la finalidad de gestionar los Usuarios del Servicio, la prestaci\u00f3n del Servicio y la relaci\u00f3n establecida entre&nbsp;<strong>Emerix Systems S.L.<\/strong>&nbsp;y los Usuarios.<\/p>\n\n\n\n<p><strong>Cesi\u00f3n de los datos personales del Usuario<\/strong><\/p>\n\n\n\n<p><strong>Emerix Systems S.L.<\/strong>&nbsp;informa que sus datos podr\u00e1n ser comunicados a:<\/p>\n\n\n\n<ol class=\"wp-block-list\">\n<li>\n<ul class=\"wp-block-list\">\n<li>Administraciones competentes para el cumplimiento de obligaciones fiscales.<\/li>\n\n\n\n<li>Autoridades competentes, como Fuerzas y Cuerpos de Seguridad del Estado.<\/li>\n\n\n\n<li>Entidades financieras y pasarelas de pago para la gesti\u00f3n de cobros y pagos.<\/li>\n\n\n\n<li>Empresas fabricantes del Producto y empresas instaladoras del equipo.<\/li>\n<\/ul>\n<\/li>\n<\/ol>\n\n\n\n<p>Los datos no ser\u00e1n cedidos a terceros sin un consentimiento previo y expreso.<\/p>\n\n\n\n<p><strong>Legitimaci\u00f3n para el tratamiento de los datos<\/strong><\/p>\n\n\n\n<p>La base legal se basa en:<\/p>\n\n\n\n<ol class=\"wp-block-list\">\n<li>\n<ul class=\"wp-block-list\">\n<li>La ejecuci\u00f3n del contrato o la relaci\u00f3n jur\u00eddica establecida.<\/li>\n\n\n\n<li>El consentimiento del Usuario.<\/li>\n\n\n\n<li>El cumplimiento de obligaciones legales.<\/li>\n<\/ul>\n<\/li>\n<\/ol>\n\n\n\n<p><strong>Conservaci\u00f3n de los datos<\/strong><\/p>\n\n\n\n<p>Los datos se conservar\u00e1n mientras se mantenga la relaci\u00f3n jur\u00eddica establecida y durante los a\u00f1os necesarios para cumplir con las obligaciones legales.<\/p>\n\n\n\n<p><strong>Confidencialidad<\/strong><\/p>\n\n\n\n<p><strong>Emerix Systems S.L.<\/strong>&nbsp;se compromete a guardar la m\u00e1xima reserva, confidencialidad y secreto sobre la informaci\u00f3n privada y personal a la que se tenga acceso. Se adoptar\u00e1n medidas de seguridad adecuadas para evitar la p\u00e9rdida, el acceso no autorizado o la manipulaci\u00f3n de los datos.<\/p>\n\n\n\n<p><strong>Derechos del Usuario<\/strong><\/p>\n\n\n\n<p>El Usuario podr\u00e1 ejercer los siguientes derechos:<\/p>\n\n\n\n<ol class=\"wp-block-list\">\n<li>\n<ul class=\"wp-block-list\">\n<li>Acceso<\/li>\n\n\n\n<li>Rectificaci\u00f3n<\/li>\n\n\n\n<li>Supresi\u00f3n<\/li>\n\n\n\n<li>Limitaci\u00f3n<\/li>\n\n\n\n<li>Portabilidad<\/li>\n\n\n\n<li>Reclamaci\u00f3n<\/li>\n\n\n\n<li>Oposici\u00f3n<\/li>\n<\/ul>\n<\/li>\n<\/ol>\n\n\n\n<p>Para ejercitar estos derechos, el Usuario puede dirigirse por escrito a&nbsp;<strong>Emerix Systems S.L.<\/strong>, Servicio de Atenci\u00f3n al Usuario, San Lorenzo 2, 1-B, 47001 Valladolid, indicando como referencia \u201cProtecci\u00f3n de Datos \u2013 Ejercicio de Derechos\u201d.<\/p>\n\n\n\n<p><strong>Cambios y\/o actualizaciones en la Pol\u00edtica de Privacidad<\/strong><\/p>\n\n\n\n<p><strong>Emerix Systems S.L.<\/strong>&nbsp;se reserva el derecho a modificar esta Pol\u00edtica de Privacidad en cualquier momento. Si hay cualquier cambio, se notificar\u00e1 al Usuario a trav\u00e9s de la P\u00e1gina Web.<\/p>\n","protected":false},"excerpt":{"rendered":"<p>Esta Pol\u00edtica de Privacidad regula el tratamiento de los datos recabados por&nbsp;Emerix Systems S.L.&nbsp;a trav\u00e9s de la Plataforma Web. Forma parte de [&hellip;]<\/p>\n","protected":false},"author":1,"featured_media":0,"parent":0,"menu_order":0,"comment_status":"closed","ping_status":"closed","template":"","meta":{"footnotes":""},"class_list":["post-652","page","type-page","status-publish","hentry"],"_links":{"self":[{"href":"https:\/\/emerix.es\/index.php?rest_route=\/wp\/v2\/pages\/652","targetHints":{"allow":["GET"]}}],"collection":[{"href":"https:\/\/emerix.es\/index.php?rest_route=\/wp\/v2\/pages"}],"about":[{"href":"https:\/\/emerix.es\/index.php?rest_route=\/wp\/v2\/types\/page"}],"author":[{"embeddable":true,"href":"https:\/\/emerix.es\/index.php?rest_route=\/wp\/v2\/users\/1"}],"replies":[{"embeddable":true,"href":"https:\/\/emerix.es\/index.php?rest_route=%2Fwp%2Fv2%2Fcomments&post=652"}],"version-history":[{"count":3,"href":"https:\/\/emerix.es\/index.php?rest_route=\/wp\/v2\/pages\/652\/revisions"}],"predecessor-version":[{"id":655,"href":"https:\/\/emerix.es\/index.php?rest_route=\/wp\/v2\/pages\/652\/revisions\/655"}],"wp:attachment":[{"href":"https:\/\/emerix.es\/index.php?rest_route=%2Fwp%2Fv2%2Fmedia&parent=652"}],"curies":[{"name":"wp","href":"https:\/\/api.w.org\/{rel}","templated":true}]}}